{"id":1636,"date":"2023-12-06T19:03:30","date_gmt":"2023-12-06T18:03:30","guid":{"rendered":"https:\/\/cienciassociales.uniandes.edu.co\/opca\/?post_type=articulo&#038;p=1636"},"modified":"2024-02-02T21:46:42","modified_gmt":"2024-02-02T20:46:42","slug":"el-paro-nacional-que-es","status":"publish","type":"articulo","link":"https:\/\/cienciassociales.uniandes.edu.co\/opca\/articulo\/el-paro-nacional-que-es\/","title":{"rendered":"El Paro Nacional, \u00bfqu\u00e9 es? "},"content":{"rendered":"\t\t<div data-elementor-type=\"wp-post\" data-elementor-id=\"1636\" class=\"elementor elementor-1636\" data-elementor-post-type=\"articulo\">\n\t\t\t\t\t\t<section class=\"has_ae_slider elementor-section elementor-top-section elementor-element elementor-element-a11e4ef elementor-section-boxed elementor-section-height-default elementor-section-height-default ae-bg-gallery-type-default\" data-id=\"a11e4ef\" data-element_type=\"section\">\n\t\t\t\t\t\t<div class=\"elementor-container elementor-column-gap-default\">\n\t\t\t\t\t<div class=\"has_ae_slider elementor-column elementor-col-100 elementor-top-column elementor-element elementor-element-3836ea3 ae-bg-gallery-type-default\" data-id=\"3836ea3\" data-element_type=\"column\">\n\t\t\t<div class=\"elementor-widget-wrap elementor-element-populated\">\n\t\t\t\t\t\t<div class=\"elementor-element elementor-element-49908ec elementor-widget elementor-widget-text-editor\" data-id=\"49908ec\" data-element_type=\"widget\" data-widget_type=\"text-editor.default\">\n\t\t\t\t<div class=\"elementor-widget-container\">\n\t\t\t<style>\/*! elementor - v3.23.0 - 05-08-2024 *\/\n.elementor-widget-text-editor.elementor-drop-cap-view-stacked .elementor-drop-cap{background-color:#69727d;color:#fff}.elementor-widget-text-editor.elementor-drop-cap-view-framed .elementor-drop-cap{color:#69727d;border:3px solid;background-color:transparent}.elementor-widget-text-editor:not(.elementor-drop-cap-view-default) .elementor-drop-cap{margin-top:8px}.elementor-widget-text-editor:not(.elementor-drop-cap-view-default) .elementor-drop-cap-letter{width:1em;height:1em}.elementor-widget-text-editor .elementor-drop-cap{float:left;text-align:center;line-height:1;font-size:50px}.elementor-widget-text-editor .elementor-drop-cap-letter{display:inline-block}<\/style>\t\t\t\t<p class=\"justificado\">A\u00fan no sabemos qu\u00e9 ha sido realmente el Paro Nacional; pero sin duda, tendr\u00e1 que ser analizado a nivel de sus implicaciones en nuestra historia reciente, en el impulso a lentas y silenciadas batallas contra el estatus quo de nuestro sistema y en el debilitamiento del presidente y partido pol\u00edtico del gobierno actual.<\/p><p class=\"justificado\">Lo que s\u00ed sabemos, es que ha sido impactante. Nunca en mi vida hab\u00eda visto un paro nacional. He podido vivir y asistir a varias marchas durante los \u00faltimos a\u00f1os, pero nunca a un paro. Salir en la ma\u00f1ana del jueves 21 de noviembre, alrededor de las 8 de la ma\u00f1ana, fue como salir durante un lunes festivo en ciclov\u00eda, pero sin bicicletas y sin carros particulares. S\u00f3lo un par de buses, algunas personas y nada m\u00e1s. Nunca me hab\u00eda transportado tan r\u00e1pido de un lado a otro en esta ciudad. Al llegar a San Victorino, a las 9 de la ma\u00f1ana, y no escuchar ning\u00fan producto en oferta, no ver ning\u00fan punto de venta callejero, ni escuchar el ruido de centenares de personas corriendo de un lado a otro demostraba, sin duda, que me encontraba ante un evento sin precedentes.<\/p><p class=\"justificado\">Una vez en la calle, cuando ya hab\u00edan comenzado las marchas, me encontr\u00e9 con un ambiente tranquilo, tanto de parte de los marchantes, como de los polic\u00edas. Sin embargo, hab\u00eda dos tipos de lenguajes visuales fuertes. Uno era pasivo y se ve\u00eda en los edificios y las tiendas: la prevenci\u00f3n. De forma justificada, en la mayor\u00eda de casos, las paredes y ventanas estaban tapadas con lonas verdes o negras o con tablas de madera en prevenci\u00f3n a los grafitis y actos vand\u00e1licos comunes de las marchas. El segundo, esta vez activo, estaba presente en los numerosos carteles portados por los manifestantes. En su gran mayor\u00eda, los carteles ten\u00edan mensajes directos en contra del presidente Duque, del desarrollo de su mandato y del partido al que pertenece. La mayor\u00eda de estos, como se vio tambi\u00e9n en los d\u00edas posteriores al 21N, recog\u00edan inolvidables frases de nuestro elocuente y enterado presidente. Otros hablaban de los m\u00faltiples problemas que como colombianos -con p min\u00fascula- enfrentamos este momento: las reformas tributarias, pensional y laboral; el incumplimiento de los acuerdos de paz; los 18 ni\u00f1os que murieron en el bombardeo de Caquet\u00e1; el asesinato de l\u00edderes sociales; la resoluci\u00f3n a favor de la pesca y comercializaci\u00f3n de las aletas de tiburones y dem\u00e1s. Por \u00faltimo, estaban otros carteles con problemas de m\u00e1s larga data del pa\u00eds, como las deficiencias en salud y educaci\u00f3n, la corrupci\u00f3n, la violencia y los da\u00f1os ambientales, por mencionar solo algunos.<\/p><p class=\"justificado\">Para este momento, la ciudad parec\u00eda seguir a la espera de los eventos del d\u00eda, al despertar del paro; y poco a poco, se comenz\u00f3 a ver el apoyo de las personas. Ya no era s\u00f3lo la calma y falta de la acci\u00f3n cotidiana, ahora se comenzaban a o\u00edr los cantos de las marchas, las personas desde los edificios lanzaban papeles en apoyo al paro, o mejor, en contra del presidente y su(s) aliado(s), y los grupos de personas comenzaban a confluir por la 26; tanto del norte, como del occi-dente. El ambiente continuaba siendo tranquilo, a excepci\u00f3n de algunos casos aislados de \u2018capuchos\u2019 quienes fueron abucheados o detenidos por grupos de marchantes que al coro de \u2018sin violencia\u2019 o \u2018sin capucha\u2019 los fueron aislando y reforzando la intenci\u00f3n pac\u00edfica que los convocaba.\u00a0<\/p><p>Por la carrera 7, el ambiente era de pura festividad. Entre el wiphala, la bandera LGBTI, las de los partidos pol\u00edticos FARC y Ma\u00edz, la de la guardia ind\u00edgena y las diferentes banderas o pancartas de los sindicatos laborales, se escuchaban los reclamos de las diferentes partes. En muchos casos acompa\u00f1ados de tambores,<\/p><p><img fetchpriority=\"high\" decoding=\"async\" class=\"size-full wp-image-1645 aligncenter\" src=\"https:\/\/cienciassociales.uniandes.edu.co\/opca\/wp-content\/uploads\/sites\/21\/2023\/12\/2-2-8b3371b5.jpg\" alt=\"\" width=\"644\" height=\"975\" srcset=\"https:\/\/cienciassociales.uniandes.edu.co\/opca\/wp-content\/uploads\/sites\/21\/2023\/12\/2-2-8b3371b5.jpg 644w, https:\/\/cienciassociales.uniandes.edu.co\/opca\/wp-content\/uploads\/sites\/21\/2023\/12\/2-2-8b3371b5-198x300.jpg 198w\" sizes=\"(max-width: 644px) 100vw, 644px\" \/><\/p><p style=\"text-align: center;\">Manifestantes regresando de la marcha por la carrera 7 con 40.<\/p>\t\t\t\t\t\t<\/div>\n\t\t\t\t<\/div>\n\t\t\t\t\t<\/div>\n\t\t<\/div>\n\t\t\t\t\t<\/div>\n\t\t<\/section>\n\t\t\t\t<section class=\"has_ae_slider elementor-section elementor-top-section elementor-element elementor-element-e392bc9 elementor-section-boxed elementor-section-height-default elementor-section-height-default ae-bg-gallery-type-default\" data-id=\"e392bc9\" data-element_type=\"section\">\n\t\t\t\t\t\t<div class=\"elementor-container elementor-column-gap-default\">\n\t\t\t\t\t<div class=\"has_ae_slider elementor-column elementor-col-33 elementor-top-column elementor-element elementor-element-a385661 ae-bg-gallery-type-default\" data-id=\"a385661\" data-element_type=\"column\">\n\t\t\t<div class=\"elementor-widget-wrap elementor-element-populated\">\n\t\t\t\t\t\t<div class=\"elementor-element elementor-element-746107f elementor-widget elementor-widget-image\" data-id=\"746107f\" data-element_type=\"widget\" data-widget_type=\"image.default\">\n\t\t\t\t<div class=\"elementor-widget-container\">\n\t\t\t<style>\/*! elementor - v3.23.0 - 05-08-2024 *\/\n.elementor-widget-image{text-align:center}.elementor-widget-image a{display:inline-block}.elementor-widget-image a img[src$=\".svg\"]{width:48px}.elementor-widget-image img{vertical-align:middle;display:inline-block}<\/style>\t\t\t\t\t\t\t\t\t\t<img decoding=\"async\" width=\"507\" height=\"767\" src=\"https:\/\/cienciassociales.uniandes.edu.co\/opca\/wp-content\/uploads\/sites\/21\/2023\/12\/3-1-12852760.jpg\" class=\"attachment-large size-large wp-image-1647\" alt=\"\" srcset=\"https:\/\/cienciassociales.uniandes.edu.co\/opca\/wp-content\/uploads\/sites\/21\/2023\/12\/3-1-12852760.jpg 507w, https:\/\/cienciassociales.uniandes.edu.co\/opca\/wp-content\/uploads\/sites\/21\/2023\/12\/3-1-12852760-198x300.jpg 198w\" sizes=\"(max-width: 507px) 100vw, 507px\" \/>\t\t\t\t\t\t\t\t\t\t\t\t\t<\/div>\n\t\t\t\t<\/div>\n\t\t\t\t<div class=\"elementor-element elementor-element-44c4193 elementor-widget elementor-widget-text-editor\" data-id=\"44c4193\" data-element_type=\"widget\" data-widget_type=\"text-editor.default\">\n\t\t\t\t<div class=\"elementor-widget-container\">\n\t\t\t\t\t\t\t<p>Manifestantes marchando con pancarta caminando por la calle 26.<\/p>\t\t\t\t\t\t<\/div>\n\t\t\t\t<\/div>\n\t\t\t\t\t<\/div>\n\t\t<\/div>\n\t\t\t\t<div class=\"has_ae_slider elementor-column elementor-col-33 elementor-top-column elementor-element elementor-element-15f0519 ae-bg-gallery-type-default\" data-id=\"15f0519\" data-element_type=\"column\">\n\t\t\t<div class=\"elementor-widget-wrap elementor-element-populated\">\n\t\t\t\t\t\t<div class=\"elementor-element elementor-element-d9c06cb elementor-widget elementor-widget-image\" data-id=\"d9c06cb\" data-element_type=\"widget\" data-widget_type=\"image.default\">\n\t\t\t\t<div class=\"elementor-widget-container\">\n\t\t\t\t\t\t\t\t\t\t\t\t\t<img decoding=\"async\" width=\"676\" height=\"1024\" src=\"https:\/\/cienciassociales.uniandes.edu.co\/opca\/wp-content\/uploads\/sites\/21\/2023\/12\/4-a61e9eca-676x1024.jpg\" class=\"attachment-large size-large wp-image-1649\" alt=\"\" srcset=\"https:\/\/cienciassociales.uniandes.edu.co\/opca\/wp-content\/uploads\/sites\/21\/2023\/12\/4-a61e9eca-676x1024.jpg 676w, https:\/\/cienciassociales.uniandes.edu.co\/opca\/wp-content\/uploads\/sites\/21\/2023\/12\/4-a61e9eca-198x300.jpg 198w, https:\/\/cienciassociales.uniandes.edu.co\/opca\/wp-content\/uploads\/sites\/21\/2023\/12\/4-a61e9eca-768x1163.jpg 768w, https:\/\/cienciassociales.uniandes.edu.co\/opca\/wp-content\/uploads\/sites\/21\/2023\/12\/4-a61e9eca.jpg 786w\" sizes=\"(max-width: 676px) 100vw, 676px\" \/>\t\t\t\t\t\t\t\t\t\t\t\t\t<\/div>\n\t\t\t\t<\/div>\n\t\t\t\t<div class=\"elementor-element elementor-element-12e2e9a elementor-widget elementor-widget-text-editor\" data-id=\"12e2e9a\" data-element_type=\"widget\" data-widget_type=\"text-editor.default\">\n\t\t\t\t<div class=\"elementor-widget-container\">\n\t\t\t\t\t\t\t<p>Manifestante disfrazado de Iv\u00e1n Duque posando para la foto.<\/p>\t\t\t\t\t\t<\/div>\n\t\t\t\t<\/div>\n\t\t\t\t\t<\/div>\n\t\t<\/div>\n\t\t\t\t<div class=\"has_ae_slider elementor-column elementor-col-33 elementor-top-column elementor-element elementor-element-ea7433b ae-bg-gallery-type-default\" data-id=\"ea7433b\" data-element_type=\"column\">\n\t\t\t<div class=\"elementor-widget-wrap elementor-element-populated\">\n\t\t\t\t\t\t<div class=\"elementor-element elementor-element-9c6cd21 elementor-widget elementor-widget-image\" data-id=\"9c6cd21\" data-element_type=\"widget\" data-widget_type=\"image.default\">\n\t\t\t\t<div class=\"elementor-widget-container\">\n\t\t\t\t\t\t\t\t\t\t\t\t\t<img loading=\"lazy\" decoding=\"async\" width=\"617\" height=\"934\" src=\"https:\/\/cienciassociales.uniandes.edu.co\/opca\/wp-content\/uploads\/sites\/21\/2023\/12\/5-1-810924ab.jpg\" class=\"attachment-large size-large wp-image-1651\" alt=\"\" srcset=\"https:\/\/cienciassociales.uniandes.edu.co\/opca\/wp-content\/uploads\/sites\/21\/2023\/12\/5-1-810924ab.jpg 617w, https:\/\/cienciassociales.uniandes.edu.co\/opca\/wp-content\/uploads\/sites\/21\/2023\/12\/5-1-810924ab-198x300.jpg 198w\" sizes=\"(max-width: 617px) 100vw, 617px\" \/>\t\t\t\t\t\t\t\t\t\t\t\t\t<\/div>\n\t\t\t\t<\/div>\n\t\t\t\t<div class=\"elementor-element elementor-element-f35d2cc elementor-widget elementor-widget-text-editor\" data-id=\"f35d2cc\" data-element_type=\"widget\" data-widget_type=\"text-editor.default\">\n\t\t\t\t<div class=\"elementor-widget-container\">\n\t\t\t\t\t\t\t<p>Manifestante con pancarta contra la resoluci\u00f3n de caza y comercializaci\u00f3n de aletas de tibur\u00f3n.<\/p>\t\t\t\t\t\t<\/div>\n\t\t\t\t<\/div>\n\t\t\t\t\t<\/div>\n\t\t<\/div>\n\t\t\t\t\t<\/div>\n\t\t<\/section>\n\t\t\t\t<section class=\"has_ae_slider elementor-section elementor-top-section elementor-element elementor-element-2bf4ab4 elementor-section-boxed elementor-section-height-default elementor-section-height-default ae-bg-gallery-type-default\" data-id=\"2bf4ab4\" data-element_type=\"section\">\n\t\t\t\t\t\t<div class=\"elementor-container elementor-column-gap-default\">\n\t\t\t\t\t<div class=\"has_ae_slider elementor-column elementor-col-100 elementor-top-column elementor-element elementor-element-8409d38 ae-bg-gallery-type-default\" data-id=\"8409d38\" data-element_type=\"column\">\n\t\t\t<div class=\"elementor-widget-wrap elementor-element-populated\">\n\t\t\t\t\t\t<div class=\"elementor-element elementor-element-e922893 elementor-widget elementor-widget-image\" data-id=\"e922893\" data-element_type=\"widget\" data-widget_type=\"image.default\">\n\t\t\t\t<div class=\"elementor-widget-container\">\n\t\t\t\t\t\t\t\t\t\t\t\t\t<img loading=\"lazy\" decoding=\"async\" width=\"800\" height=\"534\" src=\"https:\/\/cienciassociales.uniandes.edu.co\/opca\/wp-content\/uploads\/sites\/21\/2023\/12\/6-3ecfaa16.jpg\" class=\"attachment-large size-large wp-image-1653\" alt=\"\" srcset=\"https:\/\/cienciassociales.uniandes.edu.co\/opca\/wp-content\/uploads\/sites\/21\/2023\/12\/6-3ecfaa16.jpg 913w, https:\/\/cienciassociales.uniandes.edu.co\/opca\/wp-content\/uploads\/sites\/21\/2023\/12\/6-3ecfaa16-300x200.jpg 300w, https:\/\/cienciassociales.uniandes.edu.co\/opca\/wp-content\/uploads\/sites\/21\/2023\/12\/6-3ecfaa16-768x512.jpg 768w\" sizes=\"(max-width: 800px) 100vw, 800px\" \/>\t\t\t\t\t\t\t\t\t\t\t\t\t<\/div>\n\t\t\t\t<\/div>\n\t\t\t\t<div class=\"elementor-element elementor-element-1451854 elementor-widget elementor-widget-text-editor\" data-id=\"1451854\" data-element_type=\"widget\" data-widget_type=\"text-editor.default\">\n\t\t\t\t<div class=\"elementor-widget-container\">\n\t\t\t\t\t\t\t<p style=\"text-align: center;\">Manifestante con bandera de Colombia apoyando el paro y pendiente de su celular.<\/p>\t\t\t\t\t\t<\/div>\n\t\t\t\t<\/div>\n\t\t\t\t\t<\/div>\n\t\t<\/div>\n\t\t\t\t\t<\/div>\n\t\t<\/section>\n\t\t\t\t<section class=\"has_ae_slider elementor-section elementor-top-section elementor-element elementor-element-2621abf elementor-section-boxed elementor-section-height-default elementor-section-height-default ae-bg-gallery-type-default\" data-id=\"2621abf\" data-element_type=\"section\">\n\t\t\t\t\t\t<div class=\"elementor-container elementor-column-gap-default\">\n\t\t\t\t\t<div class=\"has_ae_slider elementor-column elementor-col-50 elementor-top-column elementor-element elementor-element-442c218 ae-bg-gallery-type-default\" data-id=\"442c218\" data-element_type=\"column\">\n\t\t\t<div class=\"elementor-widget-wrap elementor-element-populated\">\n\t\t\t\t\t\t<div class=\"elementor-element elementor-element-f837a70 elementor-widget elementor-widget-image\" data-id=\"f837a70\" data-element_type=\"widget\" data-widget_type=\"image.default\">\n\t\t\t\t<div class=\"elementor-widget-container\">\n\t\t\t\t\t\t\t\t\t\t\t\t\t<img loading=\"lazy\" decoding=\"async\" width=\"534\" height=\"809\" src=\"https:\/\/cienciassociales.uniandes.edu.co\/opca\/wp-content\/uploads\/sites\/21\/2023\/12\/7-eaadb463.jpg\" class=\"attachment-large size-large wp-image-1655\" alt=\"\" srcset=\"https:\/\/cienciassociales.uniandes.edu.co\/opca\/wp-content\/uploads\/sites\/21\/2023\/12\/7-eaadb463.jpg 534w, https:\/\/cienciassociales.uniandes.edu.co\/opca\/wp-content\/uploads\/sites\/21\/2023\/12\/7-eaadb463-198x300.jpg 198w\" sizes=\"(max-width: 534px) 100vw, 534px\" \/>\t\t\t\t\t\t\t\t\t\t\t\t\t<\/div>\n\t\t\t\t<\/div>\n\t\t\t\t<div class=\"elementor-element elementor-element-68dde6b elementor-widget elementor-widget-text-editor\" data-id=\"68dde6b\" data-element_type=\"widget\" data-widget_type=\"text-editor.default\">\n\t\t\t\t<div class=\"elementor-widget-container\">\n\t\t\t\t\t\t\t<p style=\"text-align: center;\">Manifestante con pancarta marchando por la calle 26 con 10.<\/p>\t\t\t\t\t\t<\/div>\n\t\t\t\t<\/div>\n\t\t\t\t\t<\/div>\n\t\t<\/div>\n\t\t\t\t<div class=\"has_ae_slider elementor-column elementor-col-50 elementor-top-column elementor-element elementor-element-72c707e ae-bg-gallery-type-default\" data-id=\"72c707e\" data-element_type=\"column\">\n\t\t\t<div class=\"elementor-widget-wrap elementor-element-populated\">\n\t\t\t\t\t\t<div class=\"elementor-element elementor-element-5d7c0f0 elementor-widget elementor-widget-image\" data-id=\"5d7c0f0\" data-element_type=\"widget\" data-widget_type=\"image.default\">\n\t\t\t\t<div class=\"elementor-widget-container\">\n\t\t\t\t\t\t\t\t\t\t\t\t\t<img loading=\"lazy\" decoding=\"async\" width=\"625\" height=\"946\" src=\"https:\/\/cienciassociales.uniandes.edu.co\/opca\/wp-content\/uploads\/sites\/21\/2023\/12\/8-4fa3322f.jpg\" class=\"attachment-large size-large wp-image-1657\" alt=\"\" srcset=\"https:\/\/cienciassociales.uniandes.edu.co\/opca\/wp-content\/uploads\/sites\/21\/2023\/12\/8-4fa3322f.jpg 625w, https:\/\/cienciassociales.uniandes.edu.co\/opca\/wp-content\/uploads\/sites\/21\/2023\/12\/8-4fa3322f-198x300.jpg 198w\" sizes=\"(max-width: 625px) 100vw, 625px\" \/>\t\t\t\t\t\t\t\t\t\t\t\t\t<\/div>\n\t\t\t\t<\/div>\n\t\t\t\t<div class=\"elementor-element elementor-element-35cc41d elementor-widget elementor-widget-text-editor\" data-id=\"35cc41d\" data-element_type=\"widget\" data-widget_type=\"text-editor.default\">\n\t\t\t\t<div class=\"elementor-widget-container\">\n\t\t\t\t\t\t\t<p style=\"text-align: center;\">Pancarta colgada de la ventana de un edificio en la Jim\u00e9nez con 6.<\/p>\t\t\t\t\t\t<\/div>\n\t\t\t\t<\/div>\n\t\t\t\t\t<\/div>\n\t\t<\/div>\n\t\t\t\t\t<\/div>\n\t\t<\/section>\n\t\t\t\t<section class=\"has_ae_slider elementor-section elementor-top-section elementor-element elementor-element-c61031b elementor-section-boxed elementor-section-height-default elementor-section-height-default ae-bg-gallery-type-default\" data-id=\"c61031b\" data-element_type=\"section\">\n\t\t\t\t\t\t<div class=\"elementor-container elementor-column-gap-default\">\n\t\t\t\t\t<div class=\"has_ae_slider elementor-column elementor-col-100 elementor-top-column elementor-element elementor-element-2fe1ad7 ae-bg-gallery-type-default\" data-id=\"2fe1ad7\" data-element_type=\"column\">\n\t\t\t<div class=\"elementor-widget-wrap elementor-element-populated\">\n\t\t\t\t\t\t<div class=\"elementor-element elementor-element-0af0fa4 elementor-widget elementor-widget-text-editor\" data-id=\"0af0fa4\" data-element_type=\"widget\" data-widget_type=\"text-editor.default\">\n\t\t\t\t<div class=\"elementor-widget-container\">\n\t\t\t\t\t\t\t<p>los grupos de personas iban caminando hacia el sur. El ambiente que se sent\u00eda era de compa\u00f1erismo y alegr\u00eda. La gente estaba contenta de ver la creatividad de los di-ferentes carteles y esperanzados con la tranquilidad que daba este d\u00eda perfecto para salir a marchar. Las nubes que nos proteg\u00edan del picante sol de la ma\u00f1ana pronto dieron paso a la lluvia. Sin embargo, gracias a la gran previsi\u00f3n de los vendedores colombianos, no faltaron la \u2018ruana que va a llover\u2019 ni las sombrillas. A\u00fan as\u00ed, a pesar de la lluvia y del lento marchar de la masa de personas por la carrera 7, el paro continu\u00f3. Se escuchaba duro el coro de \u201cllueva o truene, el paro se mantiene\u201d y entre sombrillas y chompas continuaban avanzando los r\u00edos de gente.<\/p><p>\u00a0<\/p>\t\t\t\t\t\t<\/div>\n\t\t\t\t<\/div>\n\t\t\t\t\t<\/div>\n\t\t<\/div>\n\t\t\t\t\t<\/div>\n\t\t<\/section>\n\t\t\t\t<section class=\"has_ae_slider elementor-section elementor-top-section elementor-element elementor-element-b57fe50 elementor-section-boxed elementor-section-height-default elementor-section-height-default ae-bg-gallery-type-default\" data-id=\"b57fe50\" data-element_type=\"section\">\n\t\t\t\t\t\t<div class=\"elementor-container elementor-column-gap-default\">\n\t\t\t\t\t<div class=\"has_ae_slider elementor-column elementor-col-100 elementor-top-column elementor-element elementor-element-f6be4ef ae-bg-gallery-type-default\" data-id=\"f6be4ef\" data-element_type=\"column\">\n\t\t\t<div class=\"elementor-widget-wrap elementor-element-populated\">\n\t\t\t\t\t\t<div class=\"elementor-element elementor-element-2928cfe elementor-widget elementor-widget-image\" data-id=\"2928cfe\" data-element_type=\"widget\" data-widget_type=\"image.default\">\n\t\t\t\t<div class=\"elementor-widget-container\">\n\t\t\t\t\t\t\t\t\t\t\t\t\t<img loading=\"lazy\" decoding=\"async\" width=\"633\" height=\"958\" src=\"https:\/\/cienciassociales.uniandes.edu.co\/opca\/wp-content\/uploads\/sites\/21\/2023\/12\/9-c2e2d677.jpg\" class=\"attachment-large size-large wp-image-1659\" alt=\"\" srcset=\"https:\/\/cienciassociales.uniandes.edu.co\/opca\/wp-content\/uploads\/sites\/21\/2023\/12\/9-c2e2d677.jpg 633w, https:\/\/cienciassociales.uniandes.edu.co\/opca\/wp-content\/uploads\/sites\/21\/2023\/12\/9-c2e2d677-198x300.jpg 198w\" sizes=\"(max-width: 633px) 100vw, 633px\" \/>\t\t\t\t\t\t\t\t\t\t\t\t\t<\/div>\n\t\t\t\t<\/div>\n\t\t\t\t<div class=\"elementor-element elementor-element-b5a5726 elementor-widget elementor-widget-text-editor\" data-id=\"b5a5726\" data-element_type=\"widget\" data-widget_type=\"text-editor.default\">\n\t\t\t\t<div class=\"elementor-widget-container\">\n\t\t\t\t\t\t\t<p style=\"text-align: center;\">Manifestante con pancarta sobre el paro.<\/p>\t\t\t\t\t\t<\/div>\n\t\t\t\t<\/div>\n\t\t\t\t\t<\/div>\n\t\t<\/div>\n\t\t\t\t\t<\/div>\n\t\t<\/section>\n\t\t\t\t<section class=\"has_ae_slider elementor-section elementor-top-section elementor-element elementor-element-a4a12ae elementor-section-boxed elementor-section-height-default elementor-section-height-default ae-bg-gallery-type-default\" data-id=\"a4a12ae\" data-element_type=\"section\">\n\t\t\t\t\t\t<div class=\"elementor-container elementor-column-gap-default\">\n\t\t\t\t\t<div class=\"has_ae_slider elementor-column elementor-col-33 elementor-top-column elementor-element elementor-element-90dc30b ae-bg-gallery-type-default\" data-id=\"90dc30b\" data-element_type=\"column\">\n\t\t\t<div class=\"elementor-widget-wrap elementor-element-populated\">\n\t\t\t\t\t\t<div class=\"elementor-element elementor-element-1bf3bed elementor-widget elementor-widget-image\" data-id=\"1bf3bed\" data-element_type=\"widget\" data-widget_type=\"image.default\">\n\t\t\t\t<div class=\"elementor-widget-container\">\n\t\t\t\t\t\t\t\t\t\t\t\t\t<img loading=\"lazy\" decoding=\"async\" width=\"800\" height=\"534\" src=\"https:\/\/cienciassociales.uniandes.edu.co\/opca\/wp-content\/uploads\/sites\/21\/2023\/12\/10-1-b96ee4c8.jpg\" class=\"attachment-large size-large wp-image-1661\" alt=\"\" srcset=\"https:\/\/cienciassociales.uniandes.edu.co\/opca\/wp-content\/uploads\/sites\/21\/2023\/12\/10-1-b96ee4c8.jpg 879w, https:\/\/cienciassociales.uniandes.edu.co\/opca\/wp-content\/uploads\/sites\/21\/2023\/12\/10-1-b96ee4c8-300x200.jpg 300w, https:\/\/cienciassociales.uniandes.edu.co\/opca\/wp-content\/uploads\/sites\/21\/2023\/12\/10-1-b96ee4c8-768x513.jpg 768w\" sizes=\"(max-width: 800px) 100vw, 800px\" \/>\t\t\t\t\t\t\t\t\t\t\t\t\t<\/div>\n\t\t\t\t<\/div>\n\t\t\t\t<div class=\"elementor-element elementor-element-1030190 elementor-widget elementor-widget-text-editor\" data-id=\"1030190\" data-element_type=\"widget\" data-widget_type=\"text-editor.default\">\n\t\t\t\t<div class=\"elementor-widget-container\">\n\t\t\t\t\t\t\t<p style=\"text-align: center;\">Banderas durante la marcha.<\/p>\t\t\t\t\t\t<\/div>\n\t\t\t\t<\/div>\n\t\t\t\t\t<\/div>\n\t\t<\/div>\n\t\t\t\t<div class=\"has_ae_slider elementor-column elementor-col-33 elementor-top-column elementor-element elementor-element-b35246a ae-bg-gallery-type-default\" data-id=\"b35246a\" data-element_type=\"column\">\n\t\t\t<div class=\"elementor-widget-wrap elementor-element-populated\">\n\t\t\t\t\t\t<div class=\"elementor-element elementor-element-cf04564 elementor-widget elementor-widget-image\" data-id=\"cf04564\" data-element_type=\"widget\" data-widget_type=\"image.default\">\n\t\t\t\t<div class=\"elementor-widget-container\">\n\t\t\t\t\t\t\t\t\t\t\t\t\t<img loading=\"lazy\" decoding=\"async\" width=\"800\" height=\"533\" src=\"https:\/\/cienciassociales.uniandes.edu.co\/opca\/wp-content\/uploads\/sites\/21\/2023\/12\/11-741a90fa.jpg\" class=\"attachment-large size-large wp-image-1663\" alt=\"\" srcset=\"https:\/\/cienciassociales.uniandes.edu.co\/opca\/wp-content\/uploads\/sites\/21\/2023\/12\/11-741a90fa.jpg 863w, https:\/\/cienciassociales.uniandes.edu.co\/opca\/wp-content\/uploads\/sites\/21\/2023\/12\/11-741a90fa-300x200.jpg 300w, https:\/\/cienciassociales.uniandes.edu.co\/opca\/wp-content\/uploads\/sites\/21\/2023\/12\/11-741a90fa-768x512.jpg 768w\" sizes=\"(max-width: 800px) 100vw, 800px\" \/>\t\t\t\t\t\t\t\t\t\t\t\t\t<\/div>\n\t\t\t\t<\/div>\n\t\t\t\t<div class=\"elementor-element elementor-element-f271b71 elementor-widget elementor-widget-text-editor\" data-id=\"f271b71\" data-element_type=\"widget\" data-widget_type=\"text-editor.default\">\n\t\t\t\t<div class=\"elementor-widget-container\">\n\t\t\t\t\t\t\t<p style=\"text-align: center;\">Banderas durante la marcha.<\/p>\t\t\t\t\t\t<\/div>\n\t\t\t\t<\/div>\n\t\t\t\t\t<\/div>\n\t\t<\/div>\n\t\t\t\t<div class=\"has_ae_slider elementor-column elementor-col-33 elementor-top-column elementor-element elementor-element-15bacf8 ae-bg-gallery-type-default\" data-id=\"15bacf8\" data-element_type=\"column\">\n\t\t\t<div class=\"elementor-widget-wrap elementor-element-populated\">\n\t\t\t\t\t\t<div class=\"elementor-element elementor-element-608907f elementor-widget elementor-widget-image\" data-id=\"608907f\" data-element_type=\"widget\" data-widget_type=\"image.default\">\n\t\t\t\t<div class=\"elementor-widget-container\">\n\t\t\t\t\t\t\t\t\t\t\t\t\t<img loading=\"lazy\" decoding=\"async\" width=\"800\" height=\"534\" src=\"https:\/\/cienciassociales.uniandes.edu.co\/opca\/wp-content\/uploads\/sites\/21\/2023\/12\/12-d8543b94.jpg\" class=\"attachment-large size-large wp-image-1665\" alt=\"\" srcset=\"https:\/\/cienciassociales.uniandes.edu.co\/opca\/wp-content\/uploads\/sites\/21\/2023\/12\/12-d8543b94.jpg 813w, https:\/\/cienciassociales.uniandes.edu.co\/opca\/wp-content\/uploads\/sites\/21\/2023\/12\/12-d8543b94-300x200.jpg 300w, https:\/\/cienciassociales.uniandes.edu.co\/opca\/wp-content\/uploads\/sites\/21\/2023\/12\/12-d8543b94-768x513.jpg 768w\" sizes=\"(max-width: 800px) 100vw, 800px\" \/>\t\t\t\t\t\t\t\t\t\t\t\t\t<\/div>\n\t\t\t\t<\/div>\n\t\t\t\t<div class=\"elementor-element elementor-element-79b8b81 elementor-widget elementor-widget-text-editor\" data-id=\"79b8b81\" data-element_type=\"widget\" data-widget_type=\"text-editor.default\">\n\t\t\t\t<div class=\"elementor-widget-container\">\n\t\t\t\t\t\t\t<p style=\"text-align: center;\">Manifestantes marchando con un inflable de mujer por la calle 26.<\/p>\t\t\t\t\t\t<\/div>\n\t\t\t\t<\/div>\n\t\t\t\t\t<\/div>\n\t\t<\/div>\n\t\t\t\t\t<\/div>\n\t\t<\/section>\n\t\t\t\t<section class=\"has_ae_slider elementor-section elementor-top-section elementor-element elementor-element-330cf72 elementor-section-boxed elementor-section-height-default elementor-section-height-default ae-bg-gallery-type-default\" data-id=\"330cf72\" data-element_type=\"section\">\n\t\t\t\t\t\t<div class=\"elementor-container elementor-column-gap-default\">\n\t\t\t\t\t<div class=\"has_ae_slider elementor-column elementor-col-100 elementor-top-column elementor-element elementor-element-c9bd74d ae-bg-gallery-type-default\" data-id=\"c9bd74d\" data-element_type=\"column\">\n\t\t\t<div class=\"elementor-widget-wrap elementor-element-populated\">\n\t\t\t\t\t\t<div class=\"elementor-element elementor-element-c03c4bf elementor-widget elementor-widget-text-editor\" data-id=\"c03c4bf\" data-element_type=\"widget\" data-widget_type=\"text-editor.default\">\n\t\t\t\t<div class=\"elementor-widget-container\">\n\t\t\t\t\t\t\t<div class=\"uk-margin uk-margin-remove-bottom\"><p class=\"justificado\">Ya entrando a la plaza de Bol\u00edvar, espichada junto a cen-tenares de personas con caminar lento, las miraba y las ve\u00eda contentas. Poco dur\u00f3 mi posibilidad de seguir dis-frutando de esa contagiosa y calmada alegr\u00eda, porque una peque\u00f1a ri\u00f1a, que fue apagada con gritos de \u201csin violencia\u2019 me oblig\u00f3 a salirme. Poco despu\u00e9s escamp\u00f3, comenzaron los actos vand\u00e1licos, se hizo sentir el ESMAD y sigui\u00f3 la parte aburridora y angustiante de las protestas.<\/p><p class=\"justificado\">Para el momento de mi regreso hacia el norte, lejos ya de la dispersi\u00f3n del ESMAD de la Plaza Bol\u00edvar, volv\u00ed a verme envuelta en un ambiente de calma y extra\u00f1eza. La carrera 7, una de las v\u00edas m\u00e1s importantes de la ciudad, a las 5:30 de la tarde, le pertenec\u00eda a sus ciudadanos de a pie. No hab\u00eda ning\u00fan tipo de transporte, todos los establecimientos segu\u00edan cerrados y, particularmente en ese momento, todo estaba en silencio a excepci\u00f3n de un peque\u00f1o grupo con tambores que iba unas cuadras m\u00e1s adelante. La habitual lluvia capitalina ya hab\u00eda ca\u00eddo, durante varias horas, y ahora quedaban solo las calles mojadas que reflejaban a sus caminantes quienes regre-saban a sus casas con la idea de haber dejado atr\u00e1s este primer y curioso d\u00eda del paro. O por lo menos eso cre\u00edan. Sin embargo, un par de horas luego, llegar\u00eda a sus o\u00eddos y, en algunos casos luego pasar\u00eda a producirse desde sus manos, el sonido de cacerolazos. Esta pr\u00e1ctica utiliza-da en otros momentos de protesta en Am\u00e9rica Latina -que para algunas personas de pensamiento est\u00e1tico o incluso retr\u00f3grado es demoniaca y llama a la hambruna y la muerte- reson\u00f3 por diferentes partes de la ciudad y del pa\u00eds. Junto a ella se pod\u00eda presenciar la sorpresa de gran parte de los involucrados -pasivos y activos- sobre el brote de protesta en sitios normalmente ajenos a ella. Para algunos, dentro de los que me incluyo, fue el fin perfecto para un d\u00eda inolvidable y de un sentimiento de orgullo total por el pa\u00eds y su gente. Este, en lo personal, no suele ser un sentimiento frecuente, pero esa noche, entre los pocos cacerolazos de mi zona residencial, lentamente me qued\u00e9 absorta en el poder que los recuerdos de lo vivido durante el d\u00eda y esos otros pocos cacerolazos le daban a mi propio cacerolazo.\u00a0<\/p><\/div><div class=\"uk-margin uk-margin-remove-top uk-margin-remove-bottom\"><img decoding=\"async\" class=\"el-image\" src=\"https:\/\/opca.uniandes.edu.co\/wp-content\/themes\/yootheme\/cache\/13-bc6e5d4e.webp\" sizes=\"(min-width: 2000px) 2000px\" srcset=\"\/wp-content\/themes\/yootheme\/cache\/13-adb69966.webp 768w, \/wp-content\/themes\/yootheme\/cache\/13-aaafc860.webp 1024w, \/wp-content\/themes\/yootheme\/cache\/13-6dc18cb4.webp 1366w, \/wp-content\/themes\/yootheme\/cache\/13-667cd894.webp 1600w, \/wp-content\/themes\/yootheme\/cache\/13-bc6e5d4e.webp 1920w, \/wp-content\/themes\/yootheme\/cache\/13-5ca3fa67.webp 2000w\" alt=\"\" data-src=\"\/wp-content\/themes\/yootheme\/cache\/13-5ca3fa67.webp\" data-srcset=\"\/wp-content\/themes\/yootheme\/cache\/13-adb69966.webp 768w, \/wp-content\/themes\/yootheme\/cache\/13-aaafc860.webp 1024w, \/wp-content\/themes\/yootheme\/cache\/13-6dc18cb4.webp 1366w, \/wp-content\/themes\/yootheme\/cache\/13-667cd894.webp 1600w, \/wp-content\/themes\/yootheme\/cache\/13-bc6e5d4e.webp 1920w, \/wp-content\/themes\/yootheme\/cache\/13-5ca3fa67.webp 2000w\" data-sizes=\"(min-width: 2000px) 2000px\" data-width=\"2000\" data-height=\"1334\" \/><img loading=\"lazy\" decoding=\"async\" class=\"size-full wp-image-1667 aligncenter\" src=\"https:\/\/cienciassociales.uniandes.edu.co\/opca\/wp-content\/uploads\/sites\/21\/2023\/12\/13-bc6e5d4e.jpg\" alt=\"\" width=\"1258\" height=\"839\" srcset=\"https:\/\/cienciassociales.uniandes.edu.co\/opca\/wp-content\/uploads\/sites\/21\/2023\/12\/13-bc6e5d4e.jpg 1258w, https:\/\/cienciassociales.uniandes.edu.co\/opca\/wp-content\/uploads\/sites\/21\/2023\/12\/13-bc6e5d4e-300x200.jpg 300w, https:\/\/cienciassociales.uniandes.edu.co\/opca\/wp-content\/uploads\/sites\/21\/2023\/12\/13-bc6e5d4e-1024x683.jpg 1024w, https:\/\/cienciassociales.uniandes.edu.co\/opca\/wp-content\/uploads\/sites\/21\/2023\/12\/13-bc6e5d4e-768x512.jpg 768w\" sizes=\"(max-width: 1258px) 100vw, 1258px\" \/><\/div><div class=\"uk-text-small uk-margin uk-margin-remove-top uk-text-center\"><p style=\"text-align: center;\">Camiseta tinturada de rojo en la que se lee \u201c21N\u201d y colgada sobre la carrera 7 con 19.<\/p><\/div><div class=\"uk-margin\"><p class=\"justificado\">\u00bfA qu\u00e9 nos enfrentamos entonces con este paro? No queda del todo claro, pues se han encontrado un gran n\u00famero de reclamos, molestias y exigencias diversas. Sin embargo, lo que s\u00ed queda claro es que gran parte de este pa\u00eds est\u00e1 cansado de c\u00f3mo est\u00e1n las cosas. Queda claro que hay mucha incon-formidad, mucha incomodidad y mucho descontento. Queda claro que las personas se est\u00e1n tomando el tiempo de salir, de \u2018parar para avanzar\u2019, de hacer valer su voz y su derecho a demostrar oposici\u00f3n de forma pac\u00edfica. Sin embargo, tambi\u00e9n queda claro que siempre habr\u00e1 quienes quieren, por ponerlo de alguna forma, \u201cver el mundo arder\u201d; otros que est\u00e1n com-pletamente obnubilados por la realidad, el sistema y el miedo al cambio y que prefieren quedarse viviendo en el conocido, aunque incomprendido, status quo; y otros pocos que seguir\u00e1n haciendo todo lo posible por ahondar nuestra dependencia de un sistema injusto.<\/p><p class=\"justificado\">Esta es s\u00f3lo la versi\u00f3n de una persona, de un recorrido, de un par de horas y de un d\u00eda de paro. \u00a1Cu\u00e1nto nos hace falta reunir para tener una imagen completa de \u00e9l y comenzar a contestar a nuestra pregunta inicial! Sin embargo, algo en lo que considero que todas las versiones van a coincidir es en el hecho innegable de que el paro fue y est\u00e1 siendo hist\u00f3rico para nuestro pa\u00eds. \u00a1Viva el Paro Nacional!.<\/p><\/div>\t\t\t\t\t\t<\/div>\n\t\t\t\t<\/div>\n\t\t\t\t\t<\/div>\n\t\t<\/div>\n\t\t\t\t\t<\/div>\n\t\t<\/section>\n\t\t\t\t<section class=\"has_ae_slider elementor-section elementor-top-section elementor-element elementor-element-d8f3685 elementor-section-boxed elementor-section-height-default elementor-section-height-default ae-bg-gallery-type-default\" data-id=\"d8f3685\" data-element_type=\"section\">\n\t\t\t\t\t\t<div class=\"elementor-container elementor-column-gap-default\">\n\t\t\t\t\t<div class=\"has_ae_slider elementor-column elementor-col-50 elementor-top-column elementor-element elementor-element-d9ba274 ae-bg-gallery-type-default\" data-id=\"d9ba274\" data-element_type=\"column\">\n\t\t\t<div class=\"elementor-widget-wrap elementor-element-populated\">\n\t\t\t\t\t\t<div class=\"elementor-element elementor-element-102cb62 elementor-widget elementor-widget-image\" data-id=\"102cb62\" data-element_type=\"widget\" data-widget_type=\"image.default\">\n\t\t\t\t<div class=\"elementor-widget-container\">\n\t\t\t\t\t\t\t\t\t\t\t\t\t<img loading=\"lazy\" decoding=\"async\" width=\"768\" height=\"512\" src=\"https:\/\/cienciassociales.uniandes.edu.co\/opca\/wp-content\/uploads\/sites\/21\/2023\/12\/14-d19d6768.jpg\" class=\"attachment-large size-large wp-image-1669\" alt=\"\" srcset=\"https:\/\/cienciassociales.uniandes.edu.co\/opca\/wp-content\/uploads\/sites\/21\/2023\/12\/14-d19d6768.jpg 768w, https:\/\/cienciassociales.uniandes.edu.co\/opca\/wp-content\/uploads\/sites\/21\/2023\/12\/14-d19d6768-300x200.jpg 300w\" sizes=\"(max-width: 768px) 100vw, 768px\" \/>\t\t\t\t\t\t\t\t\t\t\t\t\t<\/div>\n\t\t\t\t<\/div>\n\t\t\t\t<div class=\"elementor-element elementor-element-de0e783 elementor-widget elementor-widget-text-editor\" data-id=\"de0e783\" data-element_type=\"widget\" data-widget_type=\"text-editor.default\">\n\t\t\t\t<div class=\"elementor-widget-container\">\n\t\t\t\t\t\t\t<p style=\"text-align: center;\">Manifestantes marchando con pancartas por la calle 26.<\/p>\t\t\t\t\t\t<\/div>\n\t\t\t\t<\/div>\n\t\t\t\t\t<\/div>\n\t\t<\/div>\n\t\t\t\t<div class=\"has_ae_slider elementor-column elementor-col-50 elementor-top-column elementor-element elementor-element-be7c0d5 ae-bg-gallery-type-default\" data-id=\"be7c0d5\" data-element_type=\"column\">\n\t\t\t<div class=\"elementor-widget-wrap elementor-element-populated\">\n\t\t\t\t\t\t<div class=\"elementor-element elementor-element-2151fc3 elementor-widget elementor-widget-image\" data-id=\"2151fc3\" data-element_type=\"widget\" data-widget_type=\"image.default\">\n\t\t\t\t<div class=\"elementor-widget-container\">\n\t\t\t\t\t\t\t\t\t\t\t\t\t<img loading=\"lazy\" decoding=\"async\" width=\"800\" height=\"534\" src=\"https:\/\/cienciassociales.uniandes.edu.co\/opca\/wp-content\/uploads\/sites\/21\/2023\/12\/15-3f820dd3.jpg\" class=\"attachment-large size-large wp-image-1671\" alt=\"\" srcset=\"https:\/\/cienciassociales.uniandes.edu.co\/opca\/wp-content\/uploads\/sites\/21\/2023\/12\/15-3f820dd3.jpg 904w, https:\/\/cienciassociales.uniandes.edu.co\/opca\/wp-content\/uploads\/sites\/21\/2023\/12\/15-3f820dd3-300x200.jpg 300w, https:\/\/cienciassociales.uniandes.edu.co\/opca\/wp-content\/uploads\/sites\/21\/2023\/12\/15-3f820dd3-768x512.jpg 768w\" sizes=\"(max-width: 800px) 100vw, 800px\" \/>\t\t\t\t\t\t\t\t\t\t\t\t\t<\/div>\n\t\t\t\t<\/div>\n\t\t\t\t<div class=\"elementor-element elementor-element-97a8581 elementor-widget elementor-widget-text-editor\" data-id=\"97a8581\" data-element_type=\"widget\" data-widget_type=\"text-editor.default\">\n\t\t\t\t<div class=\"elementor-widget-container\">\n\t\t\t\t\t\t\t<p style=\"text-align: center;\">Manifestantes con pancarta al inicio<br \/>de la marcha por la carrera 10.<\/p>\t\t\t\t\t\t<\/div>\n\t\t\t\t<\/div>\n\t\t\t\t\t<\/div>\n\t\t<\/div>\n\t\t\t\t\t<\/div>\n\t\t<\/section>\n\t\t\t\t<section class=\"has_ae_slider elementor-section elementor-top-section elementor-element elementor-element-21025ee elementor-section-boxed elementor-section-height-default elementor-section-height-default ae-bg-gallery-type-default\" data-id=\"21025ee\" data-element_type=\"section\">\n\t\t\t\t\t\t<div class=\"elementor-container elementor-column-gap-default\">\n\t\t\t\t\t<div class=\"has_ae_slider elementor-column elementor-col-100 elementor-top-column elementor-element elementor-element-8394762 ae-bg-gallery-type-default\" data-id=\"8394762\" data-element_type=\"column\">\n\t\t\t<div class=\"elementor-widget-wrap elementor-element-populated\">\n\t\t\t\t\t\t<div class=\"elementor-element elementor-element-e77625d elementor-widget elementor-widget-image\" data-id=\"e77625d\" data-element_type=\"widget\" data-widget_type=\"image.default\">\n\t\t\t\t<div class=\"elementor-widget-container\">\n\t\t\t\t\t\t\t\t\t\t\t\t\t<img loading=\"lazy\" decoding=\"async\" width=\"592\" height=\"896\" src=\"https:\/\/cienciassociales.uniandes.edu.co\/opca\/wp-content\/uploads\/sites\/21\/2023\/12\/16-00e9c312.jpg\" class=\"attachment-large size-large wp-image-1673\" alt=\"\" srcset=\"https:\/\/cienciassociales.uniandes.edu.co\/opca\/wp-content\/uploads\/sites\/21\/2023\/12\/16-00e9c312.jpg 592w, https:\/\/cienciassociales.uniandes.edu.co\/opca\/wp-content\/uploads\/sites\/21\/2023\/12\/16-00e9c312-198x300.jpg 198w\" sizes=\"(max-width: 592px) 100vw, 592px\" \/>\t\t\t\t\t\t\t\t\t\t\t\t\t<\/div>\n\t\t\t\t<\/div>\n\t\t\t\t<div class=\"elementor-element elementor-element-feb43d0 elementor-widget elementor-widget-text-editor\" data-id=\"feb43d0\" data-element_type=\"widget\" data-widget_type=\"text-editor.default\">\n\t\t\t\t<div class=\"elementor-widget-container\">\n\t\t\t\t\t\t\t<p style=\"text-align: center;\">Joven con bandera blanca en el inicio de la marcha por la carrera 10.<\/p>\t\t\t\t\t\t<\/div>\n\t\t\t\t<\/div>\n\t\t\t\t\t<\/div>\n\t\t<\/div>\n\t\t\t\t\t<\/div>\n\t\t<\/section>\n\t\t\t\t<section class=\"has_ae_slider elementor-section elementor-top-section elementor-element elementor-element-6236338 elementor-section-boxed elementor-section-height-default elementor-section-height-default ae-bg-gallery-type-default\" data-id=\"6236338\" data-element_type=\"section\">\n\t\t\t\t\t\t<div class=\"elementor-container elementor-column-gap-default\">\n\t\t\t\t\t<div class=\"has_ae_slider elementor-column elementor-col-33 elementor-top-column elementor-element elementor-element-488bb33 ae-bg-gallery-type-default\" data-id=\"488bb33\" data-element_type=\"column\">\n\t\t\t<div class=\"elementor-widget-wrap elementor-element-populated\">\n\t\t\t\t\t\t<div class=\"elementor-element elementor-element-dfc1ff7 elementor-widget elementor-widget-image\" data-id=\"dfc1ff7\" data-element_type=\"widget\" data-widget_type=\"image.default\">\n\t\t\t\t<div class=\"elementor-widget-container\">\n\t\t\t\t\t\t\t\t\t\t\t\t\t<img loading=\"lazy\" decoding=\"async\" width=\"800\" height=\"533\" src=\"https:\/\/cienciassociales.uniandes.edu.co\/opca\/wp-content\/uploads\/sites\/21\/2023\/12\/17-f7f6c067.jpg\" class=\"attachment-large size-large wp-image-1675\" alt=\"\" srcset=\"https:\/\/cienciassociales.uniandes.edu.co\/opca\/wp-content\/uploads\/sites\/21\/2023\/12\/17-f7f6c067.jpg 948w, https:\/\/cienciassociales.uniandes.edu.co\/opca\/wp-content\/uploads\/sites\/21\/2023\/12\/17-f7f6c067-300x200.jpg 300w, https:\/\/cienciassociales.uniandes.edu.co\/opca\/wp-content\/uploads\/sites\/21\/2023\/12\/17-f7f6c067-768x512.jpg 768w\" sizes=\"(max-width: 800px) 100vw, 800px\" \/>\t\t\t\t\t\t\t\t\t\t\t\t\t<\/div>\n\t\t\t\t<\/div>\n\t\t\t\t<div class=\"elementor-element elementor-element-f907842 elementor-widget elementor-widget-text-editor\" data-id=\"f907842\" data-element_type=\"widget\" data-widget_type=\"text-editor.default\">\n\t\t\t\t<div class=\"elementor-widget-container\">\n\t\t\t\t\t\t\t<p style=\"text-align: center;\">Manifestantes marchando con pancarta caminando por la calle 26.<\/p>\t\t\t\t\t\t<\/div>\n\t\t\t\t<\/div>\n\t\t\t\t\t<\/div>\n\t\t<\/div>\n\t\t\t\t<div class=\"has_ae_slider elementor-column elementor-col-33 elementor-top-column elementor-element elementor-element-2e8b416 ae-bg-gallery-type-default\" data-id=\"2e8b416\" data-element_type=\"column\">\n\t\t\t<div class=\"elementor-widget-wrap elementor-element-populated\">\n\t\t\t\t\t\t<div class=\"elementor-element elementor-element-435054f elementor-widget elementor-widget-image\" data-id=\"435054f\" data-element_type=\"widget\" data-widget_type=\"image.default\">\n\t\t\t\t<div class=\"elementor-widget-container\">\n\t\t\t\t\t\t\t\t\t\t\t\t\t<img loading=\"lazy\" decoding=\"async\" width=\"800\" height=\"533\" src=\"https:\/\/cienciassociales.uniandes.edu.co\/opca\/wp-content\/uploads\/sites\/21\/2023\/12\/18-8711cc72.jpg\" class=\"attachment-large size-large wp-image-1677\" alt=\"\" srcset=\"https:\/\/cienciassociales.uniandes.edu.co\/opca\/wp-content\/uploads\/sites\/21\/2023\/12\/18-8711cc72.jpg 931w, https:\/\/cienciassociales.uniandes.edu.co\/opca\/wp-content\/uploads\/sites\/21\/2023\/12\/18-8711cc72-300x200.jpg 300w, https:\/\/cienciassociales.uniandes.edu.co\/opca\/wp-content\/uploads\/sites\/21\/2023\/12\/18-8711cc72-768x511.jpg 768w\" sizes=\"(max-width: 800px) 100vw, 800px\" \/>\t\t\t\t\t\t\t\t\t\t\t\t\t<\/div>\n\t\t\t\t<\/div>\n\t\t\t\t<div class=\"elementor-element elementor-element-049bbad elementor-widget elementor-widget-text-editor\" data-id=\"049bbad\" data-element_type=\"widget\" data-widget_type=\"text-editor.default\">\n\t\t\t\t<div class=\"elementor-widget-container\">\n\t\t\t\t\t\t\t<p style=\"text-align: center;\">Funcionario de TransMilenio posando para la foto luego de estar viendo la marcha<br \/>por la carrera 10.<\/p>\t\t\t\t\t\t<\/div>\n\t\t\t\t<\/div>\n\t\t\t\t\t<\/div>\n\t\t<\/div>\n\t\t\t\t<div class=\"has_ae_slider elementor-column elementor-col-33 elementor-top-column elementor-element elementor-element-7c76694 ae-bg-gallery-type-default\" data-id=\"7c76694\" data-element_type=\"column\">\n\t\t\t<div class=\"elementor-widget-wrap elementor-element-populated\">\n\t\t\t\t\t\t<div class=\"elementor-element elementor-element-33f6969 elementor-widget elementor-widget-image\" data-id=\"33f6969\" data-element_type=\"widget\" data-widget_type=\"image.default\">\n\t\t\t\t<div class=\"elementor-widget-container\">\n\t\t\t\t\t\t\t\t\t\t\t\t\t<img loading=\"lazy\" decoding=\"async\" width=\"800\" height=\"534\" src=\"https:\/\/cienciassociales.uniandes.edu.co\/opca\/wp-content\/uploads\/sites\/21\/2023\/12\/19-e32baaa8.jpg\" class=\"attachment-large size-large wp-image-1679\" alt=\"\" srcset=\"https:\/\/cienciassociales.uniandes.edu.co\/opca\/wp-content\/uploads\/sites\/21\/2023\/12\/19-e32baaa8.jpg 929w, https:\/\/cienciassociales.uniandes.edu.co\/opca\/wp-content\/uploads\/sites\/21\/2023\/12\/19-e32baaa8-300x200.jpg 300w, https:\/\/cienciassociales.uniandes.edu.co\/opca\/wp-content\/uploads\/sites\/21\/2023\/12\/19-e32baaa8-768x513.jpg 768w\" sizes=\"(max-width: 800px) 100vw, 800px\" \/>\t\t\t\t\t\t\t\t\t\t\t\t\t<\/div>\n\t\t\t\t<\/div>\n\t\t\t\t<div class=\"elementor-element elementor-element-804e579 elementor-widget elementor-widget-text-editor\" data-id=\"804e579\" data-element_type=\"widget\" data-widget_type=\"text-editor.default\">\n\t\t\t\t<div class=\"elementor-widget-container\">\n\t\t\t\t\t\t\t<p style=\"text-align: center;\">Polic\u00edas tranquilos viendo pasar la marcha por la carrera 10.<\/p>\t\t\t\t\t\t<\/div>\n\t\t\t\t<\/div>\n\t\t\t\t\t<\/div>\n\t\t<\/div>\n\t\t\t\t\t<\/div>\n\t\t<\/section>\n\t\t\t\t<section class=\"has_ae_slider elementor-section elementor-top-section elementor-element elementor-element-2334bf8 elementor-section-boxed elementor-section-height-default elementor-section-height-default ae-bg-gallery-type-default\" data-id=\"2334bf8\" data-element_type=\"section\">\n\t\t\t\t\t\t<div class=\"elementor-container elementor-column-gap-default\">\n\t\t\t\t\t<div class=\"has_ae_slider elementor-column elementor-col-100 elementor-top-column elementor-element elementor-element-7a5c619 ae-bg-gallery-type-default\" data-id=\"7a5c619\" data-element_type=\"column\">\n\t\t\t<div class=\"elementor-widget-wrap elementor-element-populated\">\n\t\t\t\t\t\t<div class=\"elementor-element elementor-element-cc94a46 elementor-widget elementor-widget-image\" data-id=\"cc94a46\" data-element_type=\"widget\" data-widget_type=\"image.default\">\n\t\t\t\t<div class=\"elementor-widget-container\">\n\t\t\t\t\t\t\t\t\t\t\t\t\t<img loading=\"lazy\" decoding=\"async\" width=\"641\" height=\"972\" src=\"https:\/\/cienciassociales.uniandes.edu.co\/opca\/wp-content\/uploads\/sites\/21\/2023\/12\/20-36c93e26.jpg\" class=\"attachment-large size-large wp-image-1681\" alt=\"\" srcset=\"https:\/\/cienciassociales.uniandes.edu.co\/opca\/wp-content\/uploads\/sites\/21\/2023\/12\/20-36c93e26.jpg 641w, https:\/\/cienciassociales.uniandes.edu.co\/opca\/wp-content\/uploads\/sites\/21\/2023\/12\/20-36c93e26-198x300.jpg 198w\" sizes=\"(max-width: 641px) 100vw, 641px\" \/>\t\t\t\t\t\t\t\t\t\t\t\t\t<\/div>\n\t\t\t\t<\/div>\n\t\t\t\t<div class=\"elementor-element elementor-element-395fb60 elementor-widget elementor-widget-text-editor\" data-id=\"395fb60\" data-element_type=\"widget\" data-widget_type=\"text-editor.default\">\n\t\t\t\t<div class=\"elementor-widget-container\">\n\t\t\t\t\t\t\t<p style=\"text-align: center;\">Manifestantes marchando por la carrera 7.<\/p>\t\t\t\t\t\t<\/div>\n\t\t\t\t<\/div>\n\t\t\t\t\t<\/div>\n\t\t<\/div>\n\t\t\t\t\t<\/div>\n\t\t<\/section>\n\t\t\t\t<\/div>\n\t\t","protected":false},"featured_media":1643,"parent":0,"template":"","categoria-articulo":[86],"palabra-clave":[],"tematica-articulo":[101],"class_list":["post-1636","articulo","type-articulo","status-publish","has-post-thumbnail","hentry","categoria-articulo-boletin-16","tematica-articulo-caleidoscopio"],"acf":[],"_links":{"self":[{"href":"https:\/\/cienciassociales.uniandes.edu.co\/opca\/wp-json\/wp\/v2\/articulo\/1636","targetHints":{"allow":["GET"]}}],"collection":[{"href":"https:\/\/cienciassociales.uniandes.edu.co\/opca\/wp-json\/wp\/v2\/articulo"}],"about":[{"href":"https:\/\/cienciassociales.uniandes.edu.co\/opca\/wp-json\/wp\/v2\/types\/articulo"}],"version-history":[{"count":0,"href":"https:\/\/cienciassociales.uniandes.edu.co\/opca\/wp-json\/wp\/v2\/articulo\/1636\/revisions"}],"wp:featuredmedia":[{"embeddable":true,"href":"https:\/\/cienciassociales.uniandes.edu.co\/opca\/wp-json\/wp\/v2\/media\/1643"}],"wp:attachment":[{"href":"https:\/\/cienciassociales.uniandes.edu.co\/opca\/wp-json\/wp\/v2\/media?parent=1636"}],"wp:term":[{"taxonomy":"categoria-articulo","embeddable":true,"href":"https:\/\/cienciassociales.uniandes.edu.co\/opca\/wp-json\/wp\/v2\/categoria-articulo?post=1636"},{"taxonomy":"palabra-clave","embeddable":true,"href":"https:\/\/cienciassociales.uniandes.edu.co\/opca\/wp-json\/wp\/v2\/palabra-clave?post=1636"},{"taxonomy":"tematica-articulo","embeddable":true,"href":"https:\/\/cienciassociales.uniandes.edu.co\/opca\/wp-json\/wp\/v2\/tematica-articulo?post=1636"}],"curies":[{"name":"wp","href":"https:\/\/api.w.org\/{rel}","templated":true}]}}